{"id":16,"date":"2015-03-19T21:36:13","date_gmt":"2015-03-19T21:36:13","guid":{"rendered":"http:\/\/www.friendsofvictoire.org\/fr\/?page_id=16"},"modified":"2015-03-21T21:39:40","modified_gmt":"2015-03-21T21:39:40","slug":"le-proces-de-victoire-ingabire","status":"publish","type":"page","link":"https:\/\/www.friendsofvictoire.org\/fr\/le-proces-de-victoire-ingabire\/","title":{"rendered":"Le proc\u00e8s de Victoire Ingabire"},"content":{"rendered":"<p style=\"text-align: justify;\"><img loading=\"lazy\" decoding=\"async\" class=\"aligncenter size-full wp-image-270\" src=\"http:\/\/www.friendsofvictoire.org\/wp-content\/uploads\/2014\/09\/Victoire_Ingabire_in_0range.png\" alt=\"Victoire Ingabire in Uniform\" width=\"454\" height=\"440\" \/>L\u2019arrestation de Victoire Ingabire apr\u00e8s son retour au Rwanda en 2010, pour se pr\u00e9senter comme candidate aux \u00e9lections pr\u00e9sidentielles, a attir\u00e9 beaucoup d\u2019attention au niveau international. Son proc\u00e8s au criminel, l\u2019un des plus long dans toute l\u2019historie du Rwanda est d\u2019une tr\u00e8s grande importance au niveau juridique et politique, car il est en soit un test pour le syst\u00e8me judiciaire Rwandais en sa capacit\u00e9 de pouvoir traiter et juger de fa\u00e7on impartial et ind\u00e9pendante, des politiciens de haut niveau.<\/p>\n<p style=\"text-align: justify;\">A son arriv\u00e9 au Rwanda le 16 Janvier 2010, Le premier jour de son retour apr\u00e8s 16 ans d\u2019absence, elle s\u2019est rendue au m\u00e9morial du g\u00e9nocide de Gisozi o\u00f9 est enterr\u00e9s des milliers de victimes tutsies du g\u00e9nocide pour y d\u00e9poser une gerbe. Elle y a prononc\u00e9 un discours dans lequel, faisant r\u00e9f\u00e9rence aux probl\u00e8mes de r\u00e9conciliation et de violence ethnique, elle aborda des probl\u00e8mes auxquels on ne fait jamais r\u00e9f\u00e9rence au Rwanda.<\/p>\n<p style=\"text-align: justify;\">Elle sera arr\u00eat\u00e9e en Avril 2010. Elle fut lib\u00e9r\u00e9e sous caution, mais s\u2019est vu refus\u00e9 le droit que quitter sa maison et de quitter la capitale Kigali. Elle sera encore une fois arr\u00eat\u00e9e le 14 Octobre de la m\u00eame ann\u00e9e et gard\u00e9e en d\u00e9tention pr\u00e9ventive. 4 hommes indiqu\u00e9s \u00eatre d&rsquo;anciens membres de la force d\u00e9mocratique de lib\u00e9ration du Rwanda (FDLR), un groupe arm\u00e9 bas\u00e9 a l\u2019est du Congo ont \u00e9t\u00e9 jug\u00e9 avec elle comme co-accus\u00e9s.<\/p>\n<h3 style=\"text-align: justify;\">Le Rapport d\u2019Amnesty international sur le proc\u00e8s De Victoire Ingabire.<\/h3>\n<p style=\"text-align: justify;\">Amnesty international a produit un rapport d\u00e9taill\u00e9 sur ce proc\u00e8s de Victoire Ingabire, dans lequel Sarah Jackson, directrice adjointe par int\u00e9rim du programme Afrique d\u2019Amnesty International a r\u00e9sum\u00e9 dans ces mots :<br \/>\n<em>\u00ab Le proc\u00e8s en premi\u00e8re instance de Victoire Ingabire a \u00e9t\u00e9 entach\u00e9 d\u2019irr\u00e9gularit\u00e9s, et les normes internationales ont \u00e9t\u00e9 bafou\u00e9es \u00bb<\/em><\/p>\n<p style=\"text-align: justify;\">Amnesty International a observ\u00e9 le proc\u00e8s dans sa quasi-totalit\u00e9, de septembre 2011 \u00e0 avril 2012, et a constat\u00e9 que Victoire Ingabire a \u00e9t\u00e9 trait\u00e9e de mani\u00e8re injuste \u00e0 de nombreuses reprises. Les juges paraissaient chercher la confrontation avec la d\u00e9fense, et l\u2019accus\u00e9e \u00e9tait r\u00e9guli\u00e8rement interrompue ou r\u00e9primand\u00e9e par les magistrats. Les \u00e9l\u00e9ments de preuve \u00e9taient trait\u00e9s diff\u00e9remment selon qu\u2019ils \u00e9taient produits par la d\u00e9fense ou le parquet : ceux qui \u00e9taient pr\u00e9sent\u00e9s par la d\u00e9fense \u00e9taient remis en cause de fa\u00e7on r\u00e9p\u00e9t\u00e9e, tandis que des questions fondamentales en rapport avec les informations fournies par le parquet n&rsquo;\u00e9taient pas pos\u00e9es. D\u2019autres faits reproch\u00e9s \u00e0 Victoire Ingabire au d\u00e9but du proc\u00e8s, ceux concernant ses propos, se fondaient sur des lois vagues et impr\u00e9cises sanctionnant l&rsquo;\u00ab id\u00e9ologie du g\u00e9nocide \u00bb et la \u00ab discrimination et le sectarisme\u00bb, et la d\u00e9fense aurait eu des difficult\u00e9s \u00e0 d\u00e9terminer en quoi son comportement constituait une infraction. Ces lois ont \u00e9t\u00e9 adopt\u00e9es afin de faire barrage aux discours incitant \u00e0 la haine au cours des ann\u00e9es qui ont suivi le g\u00e9nocide de 1994. La formulation vague de ces textes a cependant \u00e9t\u00e9 utilis\u00e9e \u00e0 mauvais escient afin d\u2019\u00e9riger en infraction la libert\u00e9 d\u2019opinion et l\u2019opposition.<\/p>\n<p style=\"text-align: justify;\">\u00ab Apr\u00e8s avoir examin\u00e9 les \u00e9l\u00e9ments de preuve produits lors du proc\u00e8s, Amnesty International ne voit pas ce qui pr\u00eate \u00e0 penser que Victoire Ingabire avait l&rsquo;intention d\u2019inciter \u00e0 la violence ou \u00e0 la haine \u00e0 l&rsquo;\u00e9gard d&rsquo;une ethnie, a ajout\u00e9 Sarah Jackson.<\/p>\n<p style=\"text-align: justify;\">Les accusations de terrorisme s\u2019appuyaient en grande partie sur des aveux obtenus \u00e0 la suite d\u2019une p\u00e9riode de d\u00e9tention sous la responsabilit\u00e9 de l\u2019arm\u00e9e, au camp Kami, o\u00f9 la torture serait employ\u00e9e. Le tribunal n\u2019a pas suffisamment enqu\u00eat\u00e9 cet aspect du proc\u00e8s. \u00ab Amnesty International a recueilli des informations selon lesquelles des d\u00e9tenus ont \u00e9t\u00e9 soumis \u00e0 la torture et \u00e0 d\u2019autres formes de mauvais traitements au camp Kami. Le fait qu\u2019au moins deux hommes jug\u00e9s en m\u00eame temps que Victoire Ingabire y aient \u00e9t\u00e9 incarc\u00e9r\u00e9s pendant des mois avant de l\u2019incriminer nous inspire de graves inqui\u00e9tudes et doit donner lieu \u00e0 une enqu\u00eate.\u00bb<\/p>\n","protected":false},"excerpt":{"rendered":"<p>L\u2019arrestation de Victoire Ingabire apr\u00e8s son retour au Rwanda en 2010, pour se pr\u00e9senter comme candidate aux \u00e9lections pr\u00e9sidentielles, a attir\u00e9 beaucoup d\u2019attention au niveau international. Son proc\u00e8s au criminel, l\u2019un des plus long dans toute l\u2019historie du Rwanda est d\u2019une tr\u00e8s grande importance au niveau juridique et politique, car \u2026<\/p>\n<p> <a class=\"continue-reading-link\" href=\"https:\/\/www.friendsofvictoire.org\/fr\/le-proces-de-victoire-ingabire\/\">Continuer \u00e0 lire<i class=\"icon-right-dir\"><\/i><\/a><\/p>\n","protected":false},"author":1,"featured_media":64,"parent":0,"menu_order":0,"comment_status":"closed","ping_status":"closed","template":"","meta":{"footnotes":""},"class_list":["post-16","page","type-page","status-publish","has-post-thumbnail","hentry"],"_links":{"self":[{"href":"https:\/\/www.friendsofvictoire.org\/fr\/wp-json\/wp\/v2\/pages\/16","targetHints":{"allow":["GET"]}}],"collection":[{"href":"https:\/\/www.friendsofvictoire.org\/fr\/wp-json\/wp\/v2\/pages"}],"about":[{"href":"https:\/\/www.friendsofvictoire.org\/fr\/wp-json\/wp\/v2\/types\/page"}],"author":[{"embeddable":true,"href":"https:\/\/www.friendsofvictoire.org\/fr\/wp-json\/wp\/v2\/users\/1"}],"replies":[{"embeddable":true,"href":"https:\/\/www.friendsofvictoire.org\/fr\/wp-json\/wp\/v2\/comments?post=16"}],"version-history":[{"count":4,"href":"https:\/\/www.friendsofvictoire.org\/fr\/wp-json\/wp\/v2\/pages\/16\/revisions"}],"predecessor-version":[{"id":20,"href":"https:\/\/www.friendsofvictoire.org\/fr\/wp-json\/wp\/v2\/pages\/16\/revisions\/20"}],"wp:featuredmedia":[{"embeddable":true,"href":"https:\/\/www.friendsofvictoire.org\/fr\/wp-json\/wp\/v2\/media\/64"}],"wp:attachment":[{"href":"https:\/\/www.friendsofvictoire.org\/fr\/wp-json\/wp\/v2\/media?parent=16"}],"curies":[{"name":"wp","href":"https:\/\/api.w.org\/{rel}","templated":true}]}}