{"id":4,"date":"2015-03-19T20:56:15","date_gmt":"2015-03-19T20:56:15","guid":{"rendered":"http:\/\/www.friendsofvictoire.org\/fr\/?page_id=4"},"modified":"2015-03-22T13:30:27","modified_gmt":"2015-03-22T13:30:27","slug":"qui-est-victoire","status":"publish","type":"page","link":"https:\/\/www.friendsofvictoire.org\/fr\/qui-est-victoire\/","title":{"rendered":"Qui est Victoire"},"content":{"rendered":"<h3><a title=\"Ic\u00f4ne de la lutte pour la libert\u00e9 et la d\u00e9mocratie\" href=\"http:\/\/www.friendsofvictoire.org\/fr\/icone-de-la-lutte-pour-la-liberte-et-la-democratie\/\"><strong>Mme Victoire Ingabire umuhoza, symbole de la lutte pour la d\u00e9mocratie et la paix <\/strong><\/a><\/h3>\n<hr noshade=\"noshade\" size=\"6\" \/>\n<div class=\"csRow\">\n<div class=\"csColumnGap\" style=\"margin: 0px; padding: 0px; float: left; width: 3.85%;\"><img decoding=\"async\" style=\"border: none;\" src=\"http:\/\/www.friendsofvictoire.org\/wp-content\/plugins\/advanced-wp-columns\/assets\/js\/plugins\/views\/img\/1x1-pixel.png\" alt=\"\" \/><\/div>\n<div class=\"csColumn\" style=\"margin: 0px; padding: 0px; float: left; width: 27.9%;\" data-csstartpoint=\"37\" data-csendpoint=\"305\" data-cswidth=\"27.9%\" data-csid=\"e010b425-a598-d4df-94ab-2bef58032b89\">\n<p><img loading=\"lazy\" decoding=\"async\" src=\"http:\/\/www.friendsofvictoire.org\/wp-content\/uploads\/2014\/03\/Victoire_young_politician-250.jpg\" alt=\"\" width=\"250\" height=\"262\" \/><\/p>\n<\/div>\n<div class=\"csColumnGap\" style=\"margin: 0px; padding: 0px; float: left; width: 3.85%;\"><img decoding=\"async\" style=\"border: none;\" src=\"http:\/\/www.friendsofvictoire.org\/wp-content\/plugins\/advanced-wp-columns\/assets\/js\/plugins\/views\/img\/1x1-pixel.png\" alt=\"\" \/><\/div>\n<div class=\"csColumn\" style=\"margin: 0px; padding: 0px; float: left; width: 30%;\" data-csstartpoint=\"342\" data-csendpoint=\"630\" data-cswidth=\"30.0%\" data-csid=\"7534e0eb-27dc-a157-b735-1708d5f69d7c\">\n<p style=\"text-align: justify;\">Femme d\u2019un courage exceptionnel, impliqu\u00e9e dans un processus de r\u00e9solution du conflit qui afflige le peuple rwandais depuis 1990, Victoire Ingabire a pris sur ses \u00e9paules le destin de tout un peuple et de toute une nation en d\u00e9cidant d\u2019affronter l\u2019oppression qui r\u00e8gne dans son pays d\u2019origine.\u00a0\u00a0 <a title=\"Ic\u00f4ne de la lutte pour la libert\u00e9 et la d\u00e9mocratie\" href=\"http:\/\/www.friendsofvictoire.org\/fr\/icone-de-la-lutte-pour-la-liberte-et-la-democratie\/\"><img loading=\"lazy\" decoding=\"async\" class=\"alignright size-full wp-image-158\" src=\"http:\/\/www.friendsofvictoire.org\/fr\/wp-content\/uploads\/2015\/03\/Victoire_Ingabire.png\" alt=\"\" width=\"90\" height=\"38\" \/><\/a><\/p>\n<\/div>\n<div class=\"csColumnGap\" style=\"margin: 0px; padding: 0px; float: left; width: 4.48%;\"><img decoding=\"async\" style=\"border: none;\" src=\"http:\/\/www.friendsofvictoire.org\/wp-content\/plugins\/advanced-wp-columns\/assets\/js\/plugins\/views\/img\/1x1-pixel.png\" alt=\"\" \/><\/div>\n<div class=\"csColumn\" style=\"margin: 0px; padding: 0px; float: left; width: 29.7%;\" data-csstartpoint=\"673\" data-csendpoint=\"958\" data-cswidth=\"29.7%\" data-csid=\"e1cd2651-b3e9-1d28-b08e-23314deed88a\">\n<h5>\u201cBien avant tous les autres membres du parti, elle \u00e9tait la premi\u00e8re \u00e0 \u00e9mettre l\u2019id\u00e9e de retourner au Rwanda pour y poursuivre notre combat politique.\u00a0\u00bb<\/h5>\n<p>-Joseph Bukeye, 2\u00e8me vice-pr\u00e9sident des FDU-Inkingi (parti politique de Victoire Ingabire)<\/p>\n<\/div>\n<div class=\"csColumnGap\" style=\"margin: 0px; padding: 0px; float: left; width: 0.208%;\"><img decoding=\"async\" style=\"border: none;\" src=\"http:\/\/www.friendsofvictoire.org\/wp-content\/plugins\/advanced-wp-columns\/assets\/js\/plugins\/views\/img\/1x1-pixel.png\" alt=\"\" \/><\/div>\n<div style=\"clear: both; float: none; display: block; visibility: hidden; width: 0px; font-size: 0px; line-height: 0;\"><\/div>\n<\/div>\n<h3><strong><a title=\"Le proc\u00e8s de Victoire Ingabire\" href=\"http:\/\/www.friendsofvictoire.org\/fr\/le-proces-de-victoire-ingabire\/\">Le proc\u00e8s de Victoire Ingabire<\/a><br \/>\n<\/strong><\/h3>\n<hr noshade=\"noshade\" size=\"6\" \/>\n<div class=\"csColumnGap\" style=\"margin: 0px; padding: 0px; float: left; width: 4.06%;\"><img decoding=\"async\" style=\"border: none;\" src=\"http:\/\/www.friendsofvictoire.org\/wp-content\/plugins\/advanced-wp-columns\/assets\/js\/plugins\/views\/img\/1x1-pixel.png\" alt=\"\" \/><\/div>\n<div class=\"csColumn\" style=\"margin: 0px; padding: 0px; float: left; width: 27.7%;\" data-csstartpoint=\"39\" data-csendpoint=\"305\" data-cswidth=\"27.7%\" data-csid=\"76cbf870-e096-b3b6-8258-88d8d6cce227\">\n<h3><img loading=\"lazy\" decoding=\"async\" src=\"http:\/\/www.friendsofvictoire.org\/wp-content\/uploads\/2014\/03\/Ingabire-trail.jpg\" alt=\"\" width=\"248\" height=\"278\" \/><\/h3>\n<\/div>\n<div class=\"csColumnGap\" style=\"margin: 0px; padding: 0px; float: left; width: 3.96%;\"><img decoding=\"async\" style=\"border: none;\" src=\"http:\/\/www.friendsofvictoire.org\/wp-content\/plugins\/advanced-wp-columns\/assets\/js\/plugins\/views\/img\/1x1-pixel.png\" alt=\"\" \/><\/div>\n<div class=\"csColumn\" style=\"margin: 0px; padding: 0px; float: left; width: 29.9%;\" data-csstartpoint=\"343\" data-csendpoint=\"630\" data-cswidth=\"29.9%\" data-csid=\"d618c89f-40b4-dc48-b179-7fa83f3fa59d\">\n<p style=\"text-align: justify;\">De la libert\u00e9 provisoire \u00e0 la d\u00e9tention \u00e0 domicile, de la Haute Cour \u00e0 la Cour supr\u00eame, suivez Victoire Ingabire Umuhoza \u00e0 travers son proc\u00e8s marr\u00e9 d\u2019irr\u00e9gularit\u00e9s et \u00e0 court de se conformer aux normes d&rsquo;un proc\u00e8s \u00e9quitable.<\/p>\n<p style=\"text-align: justify;\">Le proc\u00e8s s&rsquo;est termin\u00e9e par une peine de prison de 15 ans pour une femme innocente. <a title=\"Le proc\u00e8s de Victoire Ingabire\" href=\"http:\/\/www.friendsofvictoire.org\/fr\/le-proces-de-victoire-ingabire\/\"><img loading=\"lazy\" decoding=\"async\" class=\"alignright size-full wp-image-158\" src=\"http:\/\/www.friendsofvictoire.org\/fr\/wp-content\/uploads\/2015\/03\/Victoire_Ingabire.png\" alt=\"read_more\" width=\"90\" height=\"38\" \/><\/a><\/p>\n<\/div>\n<div class=\"csColumnGap\" style=\"margin: 0px; padding: 0px; float: left; width: 4.48%;\"><img decoding=\"async\" style=\"border: none;\" src=\"http:\/\/www.friendsofvictoire.org\/wp-content\/plugins\/advanced-wp-columns\/assets\/js\/plugins\/views\/img\/1x1-pixel.png\" alt=\"\" \/><\/div>\n<div class=\"csColumn\" style=\"margin: 0px; padding: 0px; float: left; width: 29.7%;\" data-csstartpoint=\"673\" data-csendpoint=\"958\" data-cswidth=\"29.7%\" data-csid=\"07bf2ee4-46e2-7ccb-86b6-18b1e18eda2d\">\n<h5><span style=\"font-size: 1.2em;\">\u00ab Le proc\u00e8s en premi\u00e8re instance de Victoire Ingabire a \u00e9t\u00e9 marr\u00e9 d\u2019irr\u00e9gularit\u00e9s, et les normes internationales ont \u00e9t\u00e9 bafou\u00e9es \u00bb<\/span><\/h5>\n<p><span style=\"color: #808080;\">\u2013Sarah Jackson, Directrice Adjointe par int\u00e9rim du programme Afrique d\u2019Amnesty International<\/span><\/p>\n<\/div>\n<div class=\"csColumnGap\" style=\"margin: 0px; padding: 0px; float: left; width: 0.208%;\"><img decoding=\"async\" style=\"border: none;\" src=\"http:\/\/www.friendsofvictoire.org\/wp-content\/plugins\/advanced-wp-columns\/assets\/js\/plugins\/views\/img\/1x1-pixel.png\" alt=\"\" \/><\/div>\n<div style=\"clear: both; float: none; display: block; visibility: hidden; width: 0px; font-size: 0px; line-height: 0;\"><\/div>\n<h3><a title=\"Prix et Nominations au prix sakharov\" href=\"http:\/\/www.friendsofvictoire.org\/victoire-awards-and-nominations\/\"><strong>Prix et Nominations<\/strong><\/a><\/h3>\n<hr noshade=\"noshade\" size=\"6\" \/>\n<div class=\"csRow\">\n<div class=\"csColumnGap\" style=\"margin: 0px; padding: 0px; float: left; width: 4.06%;\"><img decoding=\"async\" style=\"border: none;\" src=\"http:\/\/www.friendsofvictoire.org\/wp-content\/plugins\/advanced-wp-columns\/assets\/js\/plugins\/views\/img\/1x1-pixel.png\" alt=\"\" \/><\/div>\n<div class=\"csColumn\" style=\"margin: 0px; padding: 0px; float: left; width: 27.7%;\" data-csstartpoint=\"39\" data-csendpoint=\"305\" data-cswidth=\"27.7%\" data-csid=\"c2a10289-7e43-a1ce-a9b2-db79ea3ae138\">\n<p><a title=\"Victoire Ingabire\u2019s awards and nominations\" href=\"http:\/\/www.friendsofvictoire.org\/victoire-awards-and-nominations\/\"><img loading=\"lazy\" decoding=\"async\" src=\"http:\/\/www.friendsofvictoire.org\/wp-content\/uploads\/2014\/03\/Prize-Victoire-Ingabire-Umuhoza-prize.jpg\" alt=\"\" width=\"250\" height=\"309\" \/><\/a><\/p>\n<\/div>\n<div class=\"csColumnGap\" style=\"margin: 0px; padding: 0px; float: left; width: 3.96%;\"><img decoding=\"async\" style=\"border: none;\" src=\"http:\/\/www.friendsofvictoire.org\/wp-content\/plugins\/advanced-wp-columns\/assets\/js\/plugins\/views\/img\/1x1-pixel.png\" alt=\"\" \/><\/div>\n<div class=\"csColumn\" style=\"margin: 0px; padding: 0px; float: left; width: 29.9%;\" data-csstartpoint=\"343\" data-csendpoint=\"630\" data-cswidth=\"29.9%\" data-csid=\"6aeb10ee-e6e0-5da2-b924-869cf4aa6f2b\">\n<ul>\n<ul>\n<li>L&rsquo;opposante politique rwandaise Victoire Ingabire Umuhoza, a \u00e9t\u00e9 s\u00e9lectionn\u00e9e par les d\u00e9put\u00e9s europ\u00e9ens pour recevoir le <strong>Prix Andrei Sakharov<\/strong> pour la libert\u00e9 de l&rsquo;esprit.<a title=\"Prix Victoire Ingabire Umuhoza pour la d\u00e9mocratie et la paix\" href=\"http:\/\/www.friendsofvictoire.org\/fr\/prix-victoire-ingabire-umuhoza-pour-la-democratie-et-la-paix\/\"><img loading=\"lazy\" decoding=\"async\" class=\"alignright size-full wp-image-158\" src=\"http:\/\/www.friendsofvictoire.org\/fr\/wp-content\/uploads\/2015\/03\/Victoire_Ingabire.png\" alt=\"read_more\" width=\"90\" height=\"38\" \/><\/a><\/li>\n<\/ul>\n<\/ul>\n<p>&nbsp;<\/p>\n<ul>\n<ul>\n<li>Un prix portant le nom \u201c<strong>Prix Victoire Ingabire Umuhoza pour la d\u00e9mocratie et la paix<\/strong>\u201d a \u00e9t\u00e9 inaugur\u00e9 le 12 Mars 2011 \u00e0 Montr\u00e9al, au Canada et est d\u00e9cern\u00e9 chaque annee.<a title=\"Nomination de Victoire Ingabire au Prix Sakharov\" href=\"http:\/\/www.friendsofvictoire.org\/fr\/nomination-de-victoire-ingabire-au-prix-sakharov\/\"><img loading=\"lazy\" decoding=\"async\" class=\"alignright size-full wp-image-158\" src=\"http:\/\/www.friendsofvictoire.org\/fr\/wp-content\/uploads\/2015\/03\/Victoire_Ingabire.png\" alt=\"read_more\" width=\"90\" height=\"38\" \/><\/a><\/li>\n<\/ul>\n<\/ul>\n<p>&nbsp;<\/p>\n<\/div>\n<div class=\"csColumnGap\" style=\"margin: 0px; padding: 0px; float: left; width: 4.38%;\"><img decoding=\"async\" style=\"border: none;\" src=\"http:\/\/www.friendsofvictoire.org\/wp-content\/plugins\/advanced-wp-columns\/assets\/js\/plugins\/views\/img\/1x1-pixel.png\" alt=\"\" \/><\/div>\n<div class=\"csColumn\" style=\"margin: 0px; padding: 0px; float: left; width: 29.3%;\" data-csstartpoint=\"672\" data-csendpoint=\"953\" data-cswidth=\"29.3%\" data-csid=\"96d8550e-b102-793f-a829-98ac421fb903\">\n<h5>\u00ab\u00a0ce Prix r\u00e9compense toute personnalit\u00e9, physique ou morale, qui s\u2019est distingu\u00e9e dans la promotion de la d\u00e9mocratie, de la paix, du leadership f\u00e9minin et dans la d\u00e9fense des droits \u00e9l\u00e9mentaires\u00a0\u00bb<\/h5>\n<p>\u2014 Daphrose Nkundwa, Reseau International des Femmes pour la D\u00e9mocratie et la Daix.<\/p>\n<\/div>\n<div class=\"csColumnGap\" style=\"margin: 0px; padding: 0px; float: left; width: 0.729%;\"><img decoding=\"async\" style=\"border: none;\" src=\"http:\/\/www.friendsofvictoire.org\/wp-content\/plugins\/advanced-wp-columns\/assets\/js\/plugins\/views\/img\/1x1-pixel.png\" alt=\"\" \/><\/div>\n<div style=\"clear: both; float: none; display: block; visibility: hidden; width: 0px; font-size: 0px; line-height: 0;\"><\/div>\n<\/div>\n<h3><a title=\"Famille, Carri\u00e8re et Communaut\u00e9\" href=\"http:\/\/www.friendsofvictoire.org\/fr\/famille-carriere-et-communaute\/\"><strong>Jeune leader communautaire en action <\/strong><\/a><\/h3>\n<hr noshade=\"noshade\" size=\"6\" \/>\n<div class=\"csRow\">\n<div class=\"csColumnGap\" style=\"margin: 0px; padding: 0px; float: left; width: 4.06%;\"><img decoding=\"async\" style=\"border: none;\" src=\"http:\/\/www.friendsofvictoire.org\/wp-content\/plugins\/advanced-wp-columns\/assets\/js\/plugins\/views\/img\/1x1-pixel.png\" alt=\"\" \/><\/div>\n<div class=\"csColumn\" style=\"margin: 0px; padding: 0px; float: left; width: 27.7%;\" data-csstartpoint=\"39\" data-csendpoint=\"305\" data-cswidth=\"27.7%\" data-csid=\"caa41fc6-1d6b-aa5e-9a33-3f2b2be18eab\">\n<p><a href=\"http:\/\/www.friendsofvictoire.org\/\"><img decoding=\"async\" class=\"alignleft\" src=\"http:\/\/www.friendsofvictoire.org\/wp-content\/uploads\/2014\/03\/Victoire-Ingabire-Young-Activist.jpg\" alt=\"\" \/><\/a><\/p>\n<\/div>\n<div class=\"csColumnGap\" style=\"margin: 0px; padding: 0px; float: left; width: 3.85%;\"><img decoding=\"async\" style=\"border: none;\" src=\"http:\/\/www.friendsofvictoire.org\/wp-content\/plugins\/advanced-wp-columns\/assets\/js\/plugins\/views\/img\/1x1-pixel.png\" alt=\"\" \/><\/div>\n<div class=\"csColumn\" style=\"margin: 0px; padding: 0px; float: left; width: 30%;\" data-csstartpoint=\"342\" data-csendpoint=\"630\" data-cswidth=\"30.0%\" data-csid=\"44e203d1-cc38-94cf-881e-b67e17e491c4\">\n<p style=\"text-align: justify;\">Victoire Ingabire Umuhoza s&rsquo;est d\u00e9marqu\u00e9e par son leadership, son esprit d\u2019abn\u00e9gation qui d\u00e9passe les int\u00e9r\u00eats de son noyau familial et de son appartenance ethnique et r\u00e9gionale. Engag\u00e9e dans une lutte d\u00e9mocratique dont le but est d\u2019instaurer dans son pays, le Rwanda, un Etat de droit respectueux des standards d\u00e9mocratiques internationaux. <a title=\"Family, Career and Community\" href=\"http:\/\/www.friendsofvictoire.org\/about-victoire\/womens-community-leader\/\"><img loading=\"lazy\" decoding=\"async\" class=\"alignright size-full wp-image-158\" src=\"http:\/\/www.friendsofvictoire.org\/fr\/wp-content\/uploads\/2015\/03\/Victoire_Ingabire.png\" alt=\"read+more\" width=\"90\" height=\"38\" \/><\/a><\/p>\n<\/div>\n<div class=\"csColumnGap\" style=\"margin: 0px; padding: 0px; float: left; width: 4.48%;\"><img decoding=\"async\" style=\"border: none;\" src=\"http:\/\/www.friendsofvictoire.org\/wp-content\/plugins\/advanced-wp-columns\/assets\/js\/plugins\/views\/img\/1x1-pixel.png\" alt=\"\" \/><\/div>\n<div class=\"csColumn\" style=\"margin: 0px; padding: 0px; float: left; width: 29.7%;\" data-csstartpoint=\"673\" data-csendpoint=\"958\" data-cswidth=\"29.7%\" data-csid=\"4b9ec928-970e-8209-8d97-44d435542384\">\n<h5>\u00ab\u00a0Elle est respect\u00e9e par ses camarades et devient doyenne alors qu\u2019elle faisait partie des \u00e9l\u00e8ves les plus jeunes. Elle a fait son premier discours devant 350 \u00e9tudiants\u00a0\u00bb<\/h5>\n<p>Anneke Verbraeken, a Dutch freelance journalist<\/p>\n<\/div>\n<div class=\"csColumnGap\" style=\"margin: 0px; padding: 0px; float: left; width: 0.208%;\"><img decoding=\"async\" style=\"border: none;\" src=\"http:\/\/www.friendsofvictoire.org\/wp-content\/plugins\/advanced-wp-columns\/assets\/js\/plugins\/views\/img\/1x1-pixel.png\" alt=\"\" \/><\/div>\n<div style=\"clear: both; float: none; display: block; visibility: hidden; width: 0px; font-size: 0px; line-height: 0;\"><\/div>\n<\/div>\n","protected":false},"excerpt":{"rendered":"<p>Mme Victoire Ingabire umuhoza, symbole de la lutte pour la d\u00e9mocratie et la paix Femme d\u2019un courage exceptionnel, impliqu\u00e9e dans un processus de r\u00e9solution du conflit qui afflige le peuple rwandais depuis 1990, Victoire Ingabire a pris sur ses \u00e9paules le destin de tout un peuple et de toute une \u2026<\/p>\n<p> <a class=\"continue-reading-link\" href=\"https:\/\/www.friendsofvictoire.org\/fr\/qui-est-victoire\/\">Continuer \u00e0 lire<i class=\"icon-right-dir\"><\/i><\/a><\/p>\n","protected":false},"author":1,"featured_media":0,"parent":0,"menu_order":0,"comment_status":"closed","ping_status":"closed","template":"","meta":{"footnotes":""},"class_list":["post-4","page","type-page","status-publish","hentry"],"_links":{"self":[{"href":"https:\/\/www.friendsofvictoire.org\/fr\/wp-json\/wp\/v2\/pages\/4","targetHints":{"allow":["GET"]}}],"collection":[{"href":"https:\/\/www.friendsofvictoire.org\/fr\/wp-json\/wp\/v2\/pages"}],"about":[{"href":"https:\/\/www.friendsofvictoire.org\/fr\/wp-json\/wp\/v2\/types\/page"}],"author":[{"embeddable":true,"href":"https:\/\/www.friendsofvictoire.org\/fr\/wp-json\/wp\/v2\/users\/1"}],"replies":[{"embeddable":true,"href":"https:\/\/www.friendsofvictoire.org\/fr\/wp-json\/wp\/v2\/comments?post=4"}],"version-history":[{"count":9,"href":"https:\/\/www.friendsofvictoire.org\/fr\/wp-json\/wp\/v2\/pages\/4\/revisions"}],"predecessor-version":[{"id":122,"href":"https:\/\/www.friendsofvictoire.org\/fr\/wp-json\/wp\/v2\/pages\/4\/revisions\/122"}],"wp:attachment":[{"href":"https:\/\/www.friendsofvictoire.org\/fr\/wp-json\/wp\/v2\/media?parent=4"}],"curies":[{"name":"wp","href":"https:\/\/api.w.org\/{rel}","templated":true}]}}