{"id":50,"date":"2015-03-21T20:10:00","date_gmt":"2015-03-21T20:10:00","guid":{"rendered":"http:\/\/www.friendsofvictoire.org\/fr\/?page_id=50"},"modified":"2015-03-22T15:52:56","modified_gmt":"2015-03-22T15:52:56","slug":"prix-victoire-ingabire-umuhoza-pour-la-democratie-et-la-paix","status":"publish","type":"page","link":"https:\/\/www.friendsofvictoire.org\/fr\/prix-victoire-ingabire-umuhoza-pour-la-democratie-et-la-paix\/","title":{"rendered":"Prix Victoire Ingabire Umuhoza pour la d\u00e9mocratie et la paix"},"content":{"rendered":"<p style=\"text-align: justify;\">A l\u2019occasion de la centi\u00e8me journ\u00e9e internationale de la femme, le prix portant le nom \u201cVictoire Ingabire Umuhoza pour la d\u00e9mocratie et la paix\u201d a \u00e9t\u00e9 cre\u00e9\u00a0 \u00e0 Montr\u00e9al, au Canada par le R\u00e9seau International des Femmes pour la D\u00e9mocratie et la Paix \u00e0 l\u2019occasion du centi\u00e8me anniversaire de la Journ\u00e9e internationale de la femme, le 8 mars 2011.<\/p>\n<p style=\"text-align: justify;\">Le troph\u00e9e a \u00e9t\u00e9 d\u00e9voil\u00e9 le 12 mars 2011 lors d\u2019une soir\u00e9e sp\u00e9cialement organis\u00e9 pour l\u2019occasion par la branche canadienne du R\u00e9seau.\u00a0 Ce prix a \u00e9t\u00e9 cr\u00e9\u00e9 en hommage \u00e0 Madame Victoire Ingabire Umuhoza.<\/p>\n<p style=\"text-align: justify;\">Ce prix incarne le courage, le leadership de Victoire Ingabire Umuhoza dans sa d\u00e9marche pacifique et d\u00e9mocratique de r\u00e9solution de conflits. Il r\u00e9compense\u00a0 chaque ann\u00e9e toutes les personnes qui se d\u00e9marque dans le cadre de la lutte pour la d\u00e9mocratie et la paix en Afrique. Ce prix est\u00a0 d\u00e9cern\u00e9 \u00e0 toute personne physique ou morale, s\u2019\u00e9tant distingu\u00e9e par son travail, de mani\u00e8re pacifique, dans le domaine de la promotion de:<\/p>\n<ul>\n<li>la d\u00e9mocratie,<\/li>\n<li>la paix,<\/li>\n<li>la libert\u00e9 d\u2019expression,<\/li>\n<li>respect des droits de la personne,<\/li>\n<\/ul>\n<p>et qui a contribu\u00e9 de mani\u00e8re significative \u00e0 instaurer le rapprochement des peuples par le dialogue, le respect de la personne humaine, de la justice sociale dans le but d\u2019am\u00e9liorer la qualit\u00e9 de vie de la population de la r\u00e9gion des grands lacs africains.<\/p>\n<blockquote><p>\u00abc\u2019est au regard de ce bilan consistant qu\u2019on a estim\u00e9 que Victoire Ingabire m\u00e9ritait un prix en son honneur \u00bb<\/p><\/blockquote>\n<h3>Laureats:<\/h3>\n<ul>\n<li>Mlle Judi Rever, journaliste freelance canadienne.<\/li>\n<li>Mlle Ann Garrison, Journaliste freelance americane<\/li>\n<li>M. Pere Sampol i Mas, ancien Vice-Pr\u00e9sident des Iles Bal\u00e9ares<\/li>\n<li>Colonel Luc Marchal, ancien commandant de la force onusienne \u00ab Minuar \u00bb au Rwanda<\/li>\n<li>M. Sylvestre Bwira, congolais d\u2019origine et activiste des droits de l\u2019homme.<\/li>\n<li>M. D\u00e9o Mushayidi, Activiste de la reconciliation et democatie, actuallement en prison au Rwanda<\/li>\n<li>M. et Mme Martine et Christian De Beule, fondateurs de l&rsquo;association SOS Rwanda-Burundi qui d\u00e9fend les Droits de l\u2019Homme<\/li>\n<\/ul>\n<p>Le Prix est toujours d\u00e9cern\u00e9 \u00e0 l\u2019occasion de la journ\u00e9e internationale de la femme que le RIFDP c\u00e9l\u00e9bre chaque ann\u00e9e.<\/p>\n","protected":false},"excerpt":{"rendered":"<p>A l\u2019occasion de la centi\u00e8me journ\u00e9e internationale de la femme, le prix portant le nom \u201cVictoire Ingabire Umuhoza pour la d\u00e9mocratie et la paix\u201d a \u00e9t\u00e9 cre\u00e9\u00a0 \u00e0 Montr\u00e9al, au Canada par le R\u00e9seau International des Femmes pour la D\u00e9mocratie et la Paix \u00e0 l\u2019occasion du centi\u00e8me anniversaire de la \u2026<\/p>\n<p> <a class=\"continue-reading-link\" href=\"https:\/\/www.friendsofvictoire.org\/fr\/prix-victoire-ingabire-umuhoza-pour-la-democratie-et-la-paix\/\">Continuer \u00e0 lire<i class=\"icon-right-dir\"><\/i><\/a><\/p>\n","protected":false},"author":1,"featured_media":0,"parent":0,"menu_order":0,"comment_status":"closed","ping_status":"closed","template":"","meta":{"footnotes":""},"class_list":["post-50","page","type-page","status-publish","hentry"],"_links":{"self":[{"href":"https:\/\/www.friendsofvictoire.org\/fr\/wp-json\/wp\/v2\/pages\/50","targetHints":{"allow":["GET"]}}],"collection":[{"href":"https:\/\/www.friendsofvictoire.org\/fr\/wp-json\/wp\/v2\/pages"}],"about":[{"href":"https:\/\/www.friendsofvictoire.org\/fr\/wp-json\/wp\/v2\/types\/page"}],"author":[{"embeddable":true,"href":"https:\/\/www.friendsofvictoire.org\/fr\/wp-json\/wp\/v2\/users\/1"}],"replies":[{"embeddable":true,"href":"https:\/\/www.friendsofvictoire.org\/fr\/wp-json\/wp\/v2\/comments?post=50"}],"version-history":[{"count":5,"href":"https:\/\/www.friendsofvictoire.org\/fr\/wp-json\/wp\/v2\/pages\/50\/revisions"}],"predecessor-version":[{"id":55,"href":"https:\/\/www.friendsofvictoire.org\/fr\/wp-json\/wp\/v2\/pages\/50\/revisions\/55"}],"wp:attachment":[{"href":"https:\/\/www.friendsofvictoire.org\/fr\/wp-json\/wp\/v2\/media?parent=50"}],"curies":[{"name":"wp","href":"https:\/\/api.w.org\/{rel}","templated":true}]}}